{"id":1531,"date":"2015-03-05T09:27:58","date_gmt":"2015-03-05T09:27:58","guid":{"rendered":"http:\/\/www.kjk.ee\/?page_id=1531"},"modified":"2015-10-21T12:18:17","modified_gmt":"2015-10-21T12:18:17","slug":"seiko-cup-2015","status":"publish","type":"page","link":"https:\/\/kjk.ee\/en\/seiko-cup-2015\/","title":{"rendered":"Seiko Cup 2015"},"content":{"rendered":"<p><a href=\"http:\/\/www.kjk.ee\/wp-content\/uploads\/2015\/03\/SEIKO-CUP-KJK-karikav\u00f5istlused-2015.jpg\"><img loading=\"lazy\" class=\"aligncenter size-full wp-image-1530\" src=\"http:\/\/www.kjk.ee\/wp-content\/uploads\/2015\/03\/SEIKO-CUP-KJK-karikav\u00f5istlused-2015.jpg\" alt=\"SEIKO-CUP-KJK-karikav\u00f5istlused-2015\" width=\"419\" height=\"121\" srcset=\"https:\/\/kjk.ee\/wp-content\/uploads\/2015\/03\/SEIKO-CUP-KJK-karikav\u00f5istlused-2015.jpg 419w, https:\/\/kjk.ee\/wp-content\/uploads\/2015\/03\/SEIKO-CUP-KJK-karikav\u00f5istlused-2015-300x86.jpg 300w, https:\/\/kjk.ee\/wp-content\/uploads\/2015\/03\/SEIKO-CUP-KJK-karikav\u00f5istlused-2015-190x55.jpg 190w, https:\/\/kjk.ee\/wp-content\/uploads\/2015\/03\/SEIKO-CUP-KJK-karikav\u00f5istlused-2015-166x48.jpg 166w, https:\/\/kjk.ee\/wp-content\/uploads\/2015\/03\/SEIKO-CUP-KJK-karikav\u00f5istlused-2015-267x77.jpg 267w\" sizes=\"(max-width: 419px) 100vw, 419px\" \/><\/a><\/p>\n<p>&nbsp;<\/p>\n<p><strong style=\"color: #4c5155;\">KJK Avamerepurjetamise karikav\u00f5istluse SEIKO CUP 2015 etapid:<\/strong><br style=\"color: #4c5155;\" \/><span style=\"color: #4c5155;\">I \u2013 1. mai \u2013 Avav\u00f5istlus<\/span><br style=\"color: #4c5155;\" \/><span style=\"color: #4c5155;\">II \u2013 23. mai \u2013 E4 Karikav\u00f5istlus<\/span><br style=\"color: #4c5155;\" \/><span style=\"color: #4c5155;\">III \u2013 6. juuni \u2013 Terra Feminarum<\/span><br style=\"color: #4c5155;\" \/><span style=\"color: #4c5155;\">IV \u2013 5.-6. september \u2013 Tallinna Meistriv\u00f5istlused<\/span><br style=\"color: #4c5155;\" \/><span style=\"color: #4c5155;\">V \u2013 17. oktoober \u2013 L\u00f5puv\u00f5istlus<\/span><\/p>\n<p><strong style=\"color: #4c5155;\">KJK Avamerepurjetamise karikav\u00f5istluse SEIKO CUP v\u00f5istlusklassid:<\/strong><\/p>\n<p>I grupp \u00a0 \u00a0 \u00a0 \u00a0 \u00a0 ORC GPH\u2264633<br \/>\nII grupp \u00a0 \u00a0 \u00a0 \u00a0 \u00a0ORC GPH=633,1-680<br \/>\nIII grupp \u00a0 \u00a0 \u00a0 \u00a0ORC GPH=680,-780<br \/>\nIV grupp \u00a0\u00a0\u00a0\u00a0\u00a0\u00a0 ESTLYS\u22641,08<\/p>\n<p><a href=\"http:\/\/www.kjk.ee\/wp-content\/uploads\/2015\/03\/Seiko-Cup-KJK.avamere-karikas-NOR_2015.pdf\">KJK Avamerepurjetamise karikav\u00f5istluse SEIKO CUP 2015 korraldamise juhend<\/a><\/p>\n<p><strong><a href=\"http:\/\/www.kjk.ee\/wp-content\/uploads\/2015\/03\/SEIKO_CUP_KOOND_20151.pdf\">SEIKO CUP 2015 KOONDSEIS P\u00c4RAST 4 ETAPPI<\/a><\/strong><\/p>\n<p><strong><span style=\"color: #4c5155; text-decoration: underline;\"><br \/>\nI \u2013 1. mai \u2013 Avav\u00f5istlus<\/span><\/strong><\/p>\n<p><a href=\"http:\/\/www.kjk.ee\/wp-content\/uploads\/2015\/03\/Seiko-Cup-2015-Avav\u00f5istlus-NOR1.pdf\" target=\"_blank\">V\u00f5istlusteade\u00a0<\/a><br \/>\n<a href=\"http:\/\/www.kjk.ee\/wp-content\/uploads\/2015\/05\/KJK_SEIKO-Cup-2015-Avav%C3%B5istlus_ORC-tulemused.htm\">ORC tulemused<\/a><br \/>\n<a href=\"http:\/\/www.kjk.ee\/wp-content\/uploads\/2015\/05\/KJK_SEIKO-Cup-2015-Avav%C3%B5istlus_LYS-tulemused.htm\">LYS tulemused<\/a><br \/>\nKOKKUV\u00d5TE:\u00a0<a href=\"http:\/\/www.kjk.ee\/2015-seiko-cup-sarja-avavoistlus-andis-toreda-stardi-hooajale\/\">2015 SEIKO CUP sarja Avav\u00f5istlus andis toreda stardi hooajale<\/a><br \/>\n<a href=\"https:\/\/www.facebook.com\/media\/set\/?set=a.1072141836135857.1073741916.113543688662348&#038;type=1\" target=\"_blank\">Fotogalerii &#8211; autor Greta Tooming<\/a><\/p>\n<p><span style=\"text-decoration: underline;\"><strong>II &#8211; 23. mai &#8211; E4 Karikav\u00f5istlus<br \/>\n<\/strong><\/span><a href=\"http:\/\/www.kjk.ee\/wp-content\/uploads\/2015\/01\/E-4-KV-NOR-15.pdf\">V\u00f5istlusteade<\/a><br \/>\n<a href=\"http:\/\/www.kjk.ee\/wp-content\/uploads\/2015\/01\/KJK_SEIKO-ORC-E4-karikav%C3%B5istlus-2015_ORC_Overall.htm\">ORC tulemused<\/a><br \/>\n<a href=\"http:\/\/www.kjk.ee\/wp-content\/uploads\/2015\/01\/KJK_SEIKO-LYS-E4-karikav%C3%B5istlus-2015_LYS.htm\">LYS tulemused<\/a><br \/>\nKOKKUV\u00d5TE: <a href=\"http:\/\/www.kjk.ee\/seiko-cup-2015-teine-etapp-e4-karikavoistlus-purjetati-tugevas-tuules\/\">SEIKO CUP 2015 teine etapp E4 karikav\u00f5istlus purjetati tugevas tuules<\/a><\/p>\n<p><span style=\"text-decoration: underline;\"><strong><span style=\"color: #4c5155; text-decoration: underline;\">III \u2013 6. juuni \u2013 Terra Feminarum<\/span><\/strong><\/span><br \/>\n<a href=\"http:\/\/www.kjk.ee\/wp-content\/uploads\/2015\/01\/Terra_NOR_2015_OK.pdf\">V\u00f5istlusteade<\/a><br \/>\n<a style=\"color: #446b9b;\" href=\"http:\/\/www.kjk.ee\/wp-content\/uploads\/2015\/01\/KJK_SEIKO-CUP-2015-Terra-Feminarum_ORC_tulemused.htm\">ORC_tulemused<\/a><br \/>\n<a style=\"color: #446b9b;\" href=\"http:\/\/www.kjk.ee\/wp-content\/uploads\/2015\/01\/KJK_SEIKO-CUP-2015-Terra-Feminarum_LYS_tulemused1.htm\">LYS_tulemused<\/a><br \/>\nKOKKUV\u00d5TE:\u00a0<a href=\"http:\/\/www.kjk.ee\/seiko-cup-2015-terra-feminarum-viis-jahid-purjetama-umber-naissaare\/\">SEIKO CUP 2015 \u2013 Terra Feminarum viis jahid purjetama \u00fcmber Naissaare<\/a><br \/>\n<a href=\"https:\/\/www.facebook.com\/media\/set\/?set=a.1096291773720863.1073741922.113543688662348&#038;type=1\" target=\"_blank\">Fotogalerii &#8211; autor Greta Tooming<\/a><\/p>\n<p><strong><span style=\"color: #4c5155; text-decoration: underline;\"><span style=\"text-decoration: underline;\">IV &#8211; 5.-6. september &#8211; Tallinna Meistriv\u00f5istlused l\u00fchirajal avamerepurjetamises<br \/>\n<\/span><\/span><\/strong><a href=\"http:\/\/www.kjk.ee\/wp-content\/uploads\/2015\/01\/Tallinna-MV-2015-v\u00f5istlusteade.pdf\">V\u00f5istlusteade<\/a>\u00a0; <a href=\"https:\/\/docs.google.com\/forms\/d\/16fTSc6yoMz9a7YYrztVynJzwSLR0seUmQW9Zm1j1adQ\/viewform\" target=\"_blank\">Registreerimisvorm<\/a>\u00a0 ; <a href=\"https:\/\/docs.google.com\/spreadsheets\/d\/1vJi3kq-Zg3X8ZLlVnL0W-sil5aJbJWFtCGB6tUyLKR0\/pubhtml?gid=1876952289&#038;single=true\" target=\"_blank\">Registreerunud osalejad<\/a>\u00a0 ; \u00a0<a href=\"http:\/\/www.kjk.ee\/wp-content\/uploads\/2015\/01\/Ergo-kindlustuspakkumine_Tallinna-MV-2015.pdf\">Kindlustuspakkumine<\/a><br \/>\n<a href=\"http:\/\/www.kjk.ee\/wp-content\/uploads\/2015\/01\/KJK_IN-Tallinna-MV-l%C3%BChirajal-SEIKO-CUP-2015-IV-etapp-Avamerepurjetamise-Eesti-Karikas_ORC_Overall6.htm\" target=\"_blank\">ORC tulemused<\/a><br \/>\n<a href=\"http:\/\/www.kjk.ee\/wp-content\/uploads\/2015\/01\/KJK_LYS-Tallinna-MV-l%C3%BChirajal-SEIKO-CUP-2015-IV-etapp-Avamerepurjetamise-Eesti-Karikas_LYS_Overall6.htm\" target=\"_blank\">LYS tulemused<\/a><br \/>\nFotogaleriid &#8211; autorid Greta Tooming, Andreas Lukin ja Piret Salmistu &#8211; <a href=\"https:\/\/www.facebook.com\/media\/set\/?set=a.1148998218450218.1073741936.113543688662348&#038;type=3\" target=\"_blank\">P\u00e4ev 1<\/a> \u00a0; \u00a0<a href=\"https:\/\/www.facebook.com\/media\/set\/?set=a.1149324535084253.1073741937.113543688662348&#038;type=3\" target=\"_blank\">P\u00e4ev 2<\/a><br \/>\nKOKKUV\u00d5TE:\u00a0<a href=\"http:\/\/purjetamine.postimees.ee\/3320243\/avamerepurjetamise-luhiraja-tallinna-meistrid-selgusid-suureparases-sugisilmas\" target=\"_blank\">Avamerepurjetamise l\u00fchiraja Tallinna meistrid selgusid suurep\u00e4rases s\u00fcgisilmas<\/a><\/p>\n<p><span style=\"text-decoration: underline;\"><strong>\u00a0V &#8211; 17. oktoober &#8211; L\u00f5puv\u00f5istlus\u00a0<\/strong><\/span><br \/>\n<a href=\"http:\/\/www.kjk.ee\/wp-content\/uploads\/2015\/01\/L\u00f5puv\u00f5istlus-2015-NOR.pdf\">V\u00f5istlusteade<\/a><br \/>\n<a href=\"https:\/\/www.facebook.com\/media\/set\/?set=a.1172020076148032.1073741944.113543688662348&#038;type=3\" target=\"_blank\">Fotogalerii: Piret Salmistu<\/a><br \/>\nV\u00f5istlus katkestati tuule puudumisel ja karikasarja l\u00f5ppseisuks j\u00e4\u00e4b koondarvestus p\u00e4rast nelja regatti.<br \/>\n<strong><a href=\"http:\/\/www.kjk.ee\/wp-content\/uploads\/2015\/03\/SEIKO_CUP_KOOND_20151.pdf\">SEIKO CUP 2015 KOONDSEIS P\u00c4RAST 4 ETAPPI<\/a><\/strong><\/p>\n<p>&nbsp;<\/p>\n<p><a href=\"http:\/\/www.kjk.ee\/seiko-cup\/\" target=\"_blank\">2014.a SEIKO CUP veebileht<\/a><\/p>\n<p><strong style=\"color: #000000;\"><a style=\"color: #003bb2;\" href=\"http:\/\/www.kjk.ee\/upload\/events\/doc14133602324.pdf\">SEIKO CUP 2014 KOONDTULEMUSED<\/a>\u00a0<\/strong><\/p>\n","protected":false},"excerpt":{"rendered":"<p>&nbsp; KJK Avamerepurjetamise karikav\u00f5istluse SEIKO CUP 2015 etapid:I \u2013 1. mai \u2013 Avav\u00f5istlusII \u2013 23. mai \u2013 E4 Karikav\u00f5istlusIII \u2013 6. juuni \u2013 Terra FeminarumIV \u2013 5.-6. september \u2013 Tallinna Meistriv\u00f5istlusedV \u2013 17. oktoober \u2013 L\u00f5puv\u00f5istlus KJK Avamerepurjetamise karikav\u00f5istluse SEIKO CUP v\u00f5istlusklassid: I grupp \u00a0 \u00a0 \u00a0 \u00a0 \u00a0 ORC GPH\u2264633 II grupp \u00a0 \u00a0 \u00a0 \u00a0 \u00a0ORC GPH=633,1-680 III<a class=\"more-link\" href=\"https:\/\/kjk.ee\/en\/seiko-cup-2015\/\">[Read More&#8230;]<\/a><\/p>\n","protected":false},"author":6,"featured_media":0,"parent":0,"menu_order":0,"comment_status":"open","ping_status":"open","template":"","meta":{"spay_email":""},"jetpack_sharing_enabled":true,"jetpack_shortlink":"https:\/\/wp.me\/PaW3M4-oH","_links":{"self":[{"href":"https:\/\/kjk.ee\/en\/wp-json\/wp\/v2\/pages\/1531"}],"collection":[{"href":"https:\/\/kjk.ee\/en\/wp-json\/wp\/v2\/pages"}],"about":[{"href":"https:\/\/kjk.ee\/en\/wp-json\/wp\/v2\/types\/page"}],"author":[{"embeddable":true,"href":"https:\/\/kjk.ee\/en\/wp-json\/wp\/v2\/users\/6"}],"replies":[{"embeddable":true,"href":"https:\/\/kjk.ee\/en\/wp-json\/wp\/v2\/comments?post=1531"}],"version-history":[{"count":27,"href":"https:\/\/kjk.ee\/en\/wp-json\/wp\/v2\/pages\/1531\/revisions"}],"predecessor-version":[{"id":3388,"href":"https:\/\/kjk.ee\/en\/wp-json\/wp\/v2\/pages\/1531\/revisions\/3388"}],"wp:attachment":[{"href":"https:\/\/kjk.ee\/en\/wp-json\/wp\/v2\/media?parent=1531"}],"curies":[{"name":"wp","href":"https:\/\/api.w.org\/{rel}","templated":true}]}}