{"id":3429,"date":"2015-10-29T10:49:55","date_gmt":"2015-10-29T10:49:55","guid":{"rendered":"http:\/\/www.kjk.ee\/?page_id=3429"},"modified":"2025-10-20T11:57:51","modified_gmt":"2025-10-20T08:57:51","slug":"kuldmargi-kavalerid","status":"publish","type":"page","link":"https:\/\/kjk.ee\/en\/kuldmargi-kavalerid\/","title":{"rendered":"Kuldm\u00e4rgi kavalerid"},"content":{"rendered":"<p>Kalevi Jahtklubi KULDM\u00c4RK on asutatud 2014. aastal. Kuldm\u00e4rk on KJK k\u00f5rgeim aum\u00e4rk klubile osutatud teenete eest ja k\u00f5rgete sportlike tulemuste eest purjetamises.<\/p>\n<p>Kuldm\u00e4rk on Kalevi Jahtklubi m\u00e4rk, mis on valmistatud 2 grammist kullast. M\u00e4rgid on nummerdatud.<\/p>\n<p><a href=\"http:\/\/www.kjk.ee\/wp-content\/uploads\/2015\/10\/KJK-KULDM\u00c4RK.pdf\">KULDM\u00c4RGI STATUUT<\/a><\/p>\n<p><span style=\"text-decoration: underline;\"><strong>Kalevi Jahtklubi Kuldm\u00e4rgi kavalerid:<\/strong><\/span><\/p>\n<table style=\"width: 86.9023%; height: 771px;\">\n<tbody>\n<tr style=\"height: 10px;\">\n<td style=\"width: 4.04762%; height: 10px;\"><strong>Nr<\/strong><\/td>\n<td style=\"width: 23.9643%; height: 10px;\"><strong>Nimi<\/strong><\/td>\n<td style=\"width: 57.9404%; height: 10px;\"><strong>Mille eest<\/strong><\/td>\n<td style=\"width: 32.6767%; height: 10px;\"><strong>Kuup\u00e4ev<\/strong><\/td>\n<\/tr>\n<tr style=\"height: 62px;\">\n<td style=\"width: 4.04762%; height: 62px;\"><strong>1<\/strong><\/td>\n<td style=\"width: 23.9643%; height: 62px;\"><strong>Jaak J\u00f5gi<\/strong><\/td>\n<td style=\"width: 57.9404%; height: 62px;\">2014. a ORCi klassi maailmameistriv\u00f5istlustel Kielis jahtlaevaga<br \/>\nForte EST-475 saavutatud esikoha eest B grupis.<\/td>\n<td style=\"width: 32.6767%; height: 62px;\">12.11.2014<\/td>\n<\/tr>\n<tr style=\"height: 80px;\">\n<td style=\"width: 4.04762%; height: 80px;\"><strong>2<\/strong><\/td>\n<td style=\"width: 23.9643%; height: 80px;\"><strong>Kalev Kaal<\/strong><\/td>\n<td style=\"width: 57.9404%; height: 80px;\">2014. a ORCi klassi maailmameistriv\u00f5istlustel Kielis jahtlaevaga<br \/>\nForte EST-475 saavutatud esikoha eest B grupis.<\/td>\n<td style=\"width: 32.6767%; height: 80px;\">12.11.2014<\/td>\n<\/tr>\n<tr style=\"height: 80px;\">\n<td style=\"width: 4.04762%; height: 80px;\"><strong>3<\/strong><\/td>\n<td style=\"width: 23.9643%; height: 80px;\"><strong>Martin Kaal<\/strong><\/td>\n<td style=\"width: 57.9404%; height: 80px;\">2014. a ORCi klassi maailmameistriv\u00f5istlustel Kielis jahtlaevaga<br \/>\nForte EST-475 saavutatud esikoha eest B grupis.<\/td>\n<td style=\"width: 32.6767%; height: 80px;\">12.11.2014<\/td>\n<\/tr>\n<tr style=\"height: 80px;\">\n<td style=\"width: 4.04762%; height: 80px;\"><strong>4<\/strong><\/td>\n<td style=\"width: 23.9643%; height: 80px;\"><strong>Marko N\u00fc\u00fcd<\/strong><\/td>\n<td style=\"width: 57.9404%; height: 80px;\">2014. a ORCi klassi maailmameistriv\u00f5istlustel Kielis jahtlaevaga<br \/>\nForte EST-475 saavutatud esikoha eest B grupis.<\/td>\n<td style=\"width: 32.6767%; height: 80px;\">12.11.2014<\/td>\n<\/tr>\n<tr style=\"height: 80px;\">\n<td style=\"width: 4.04762%; height: 80px;\"><strong>5<\/strong><\/td>\n<td style=\"width: 23.9643%; height: 80px;\"><strong>Tammo Otsasoo<\/strong><\/td>\n<td style=\"width: 57.9404%; height: 80px;\">2014. a ORCi klassi maailmameistriv\u00f5istlustel Kielis jahtlaevaga<br \/>\nForte EST-475 saavutatud esikoha eest B grupis.<\/td>\n<td style=\"width: 32.6767%; height: 80px;\">12.11.2014<\/td>\n<\/tr>\n<tr style=\"height: 80px;\">\n<td style=\"width: 4.04762%; height: 80px;\"><strong>6<\/strong><\/td>\n<td style=\"width: 23.9643%; height: 80px;\"><strong>Indrek Rajangu<\/strong><\/td>\n<td style=\"width: 57.9404%; height: 80px;\">2014. a ORCi klassi maailmameistriv\u00f5istlustel Kielis jahtlaevaga<br \/>\nForte EST-475 saavutatud esikoha eest B grupis.<\/td>\n<td style=\"width: 32.6767%; height: 80px;\">12.11.2014<\/td>\n<\/tr>\n<tr style=\"height: 80px;\">\n<td style=\"width: 4.04762%; height: 80px;\"><strong>7<\/strong><\/td>\n<td style=\"width: 23.9643%; height: 80px;\"><strong>Ando Raud<\/strong><\/td>\n<td style=\"width: 57.9404%; height: 80px;\">2014. a ORCi klassi maailmameistriv\u00f5istlustel Kielis jahtlaevaga<br \/>\nForte EST-475 saavutatud esikoha eest B grupis.<\/td>\n<td style=\"width: 32.6767%; height: 80px;\">12.11.2014<\/td>\n<\/tr>\n<tr style=\"height: 80px;\">\n<td style=\"width: 4.04762%; height: 80px;\"><strong>8<\/strong><\/td>\n<td style=\"width: 23.9643%; height: 80px;\"><strong>Kalev Vapper<\/strong><\/td>\n<td style=\"width: 57.9404%; height: 80px;\">2014. a ORCi klassi maailmameistriv\u00f5istlustel Kielis jahtlaevaga<br \/>\nForte EST-475 saavutatud esikoha eest B grupis.<\/td>\n<td style=\"width: 32.6767%; height: 80px;\">12.11.2014<\/td>\n<\/tr>\n<tr style=\"height: 71px;\">\n<td style=\"width: 4.04762%; height: 71px;\">\u00a0<strong>9<\/strong><\/td>\n<td style=\"width: 23.9643%; height: 71px;\"><strong>Aivar Tuulberg<\/strong><\/td>\n<td style=\"width: 57.9404%; height: 71px;\">Igak\u00fclgse abi ja toetamise eest Kalevi Jahtklubi sadamalaiendamise protsessis.<\/td>\n<td style=\"width: 32.6767%; height: 71px;\">28.10.2015<\/td>\n<\/tr>\n<tr style=\"height: 68px;\">\n<td style=\"width: 4.04762%; height: 68px;\"><strong>10<\/strong><\/td>\n<td style=\"width: 23.9643%; height: 68px;\"><strong>Uku Randmaa<\/strong><\/td>\n<td style=\"width: 57.9404%; height: 68px;\">\u00dcmber maailma soolopurjetamisv\u00f5istluse Golden Globe Race 2018-2019 l\u00e4bimise ja kolmanda koha saavutamise eest.<\/td>\n<td style=\"width: 32.6767%; height: 68px;\">20.03.2019<\/td>\n<\/tr>\n<\/tbody>\n<\/table>\n<table style=\"width: 86.7413%; height: 501px;\">\n<tbody>\n<tr style=\"height: 80px;\">\n<td style=\"width: 4.09277%; height: 80px;\"><strong>11<\/strong><\/td>\n<td style=\"width: 23.7774%; height: 80px;\"><strong>Ago Rebane<\/strong><\/td>\n<td style=\"width: 58.0456%; height: 80px;\">Pikaaegsete maailma ja Euroopa tippu kuuluvate saavutuste eest nii ORC tiitliv\u00f5istlustel kui ka match race distsipliinis ja klassis Platu 25.<\/td>\n<td style=\"width: 47.6044%; height: 80px;\">09.11.2022<\/td>\n<\/tr>\n<tr style=\"height: 80px;\">\n<td style=\"width: 4.09277%; height: 80px;\"><strong>12<\/strong><\/td>\n<td style=\"width: 23.7774%; height: 80px;\"><strong>Peter \u0160ara\u0161kin<\/strong><\/td>\n<td style=\"width: 58.0456%; height: 80px;\">Pikaaegsete maailma ja Euroopa tippu kuuluvate saavutuste eest ORC tiitliv\u00f5istlustel jahi Katariina II meeskonnas.<\/td>\n<td style=\"width: 47.6044%; height: 80px;\">09.11.2022<\/td>\n<\/tr>\n<tr style=\"height: 71px;\">\n<td style=\"width: 4.09277%; height: 71px;\"><strong>13<\/strong><\/td>\n<td style=\"width: 23.7774%; height: 71px;\"><strong>Ott Kikkas<\/strong><\/td>\n<td style=\"width: 58.0456%; height: 71px;\">Kahe ORC maailma- (2019 ja 2022), ORC Euroopa (2013) ja kahe ORC sportpaatide Euroopa meistritiitli (2021 ja 2022) ning mitmete poodiumikohtade eest ORC tiitliv\u00f5istlustel jahiga Sugar.<\/td>\n<td style=\"width: 47.6044%; height: 71px;\">09.11.2022<\/td>\n<\/tr>\n<tr style=\"height: 68px;\">\n<td style=\"width: 4.09277%; height: 68px;\"><strong>14<\/strong><\/td>\n<td style=\"width: 23.7774%; height: 68px;\"><strong>Karolin H\u00e4rm<\/strong><\/td>\n<td style=\"width: 58.0456%; height: 68px;\">2019. ja 2021.a v\u00f5idetud maailmameistri tiitli eest klassis Zoom8.<\/td>\n<td style=\"width: 47.6044%; height: 68px;\">09.11.2022<\/td>\n<\/tr>\n<tr style=\"height: 68px;\">\n<td style=\"width: 4.09277%; height: 68px;\"><strong>15<\/strong><\/td>\n<td style=\"width: 23.7774%; height: 68px;\"><strong>Andres Laul<\/strong><\/td>\n<td style=\"width: 58.0456%; height: 68px;\">Rohkem kui 46. aasta pikkune kirjeldamatu panus klubiliikmena ning edukas tegevus ja loetlematud tiitlid nii purjetamises kui ka j\u00e4\u00e4purjetamises.<\/td>\n<td style=\"width: 47.6044%; height: 68px;\">03.10.2023<\/td>\n<\/tr>\n<tr style=\"height: 68px;\">\n<td style=\"width: 4.09277%; height: 68px;\"><strong>16<\/strong><\/td>\n<td style=\"width: 23.7774%; height: 68px;\"><strong>Arne Veske<\/strong><\/td>\n<td style=\"width: 58.0456%; height: 68px; text-align: left;\">2019 ORC EM 1 koht, 2021 ORC MM 1 koht, 2022 ORC EM 2 koht ja 2023 ORC MM 2 koht.<\/td>\n<td style=\"width: 47.6044%; height: 68px;\">03.10.2023<\/td>\n<\/tr>\n<tr style=\"height: 22px;\">\n<td style=\"width: 4.09277%; height: 22px;\"><strong>17<\/strong><\/td>\n<td style=\"width: 23.7774%; height: 22px;\"><strong>Tiit Vihul<\/strong><\/td>\n<td style=\"width: 58.0456%; height: 22px;\">2024.a ORC Euroopa Meistriv\u00f5istlustel Mariehamnis jahtlaevaga Olympic EST 463 saavutatud esikoha eest B grupis ja <em>Corinthian<\/em> arvestuses<\/td>\n<td style=\"width: 47.6044%; height: 22px;\">29.10.2024<\/td>\n<\/tr>\n<tr style=\"height: 22px;\">\n<td style=\"width: 4.09277%; height: 22px;\"><strong>18<\/strong><\/td>\n<td style=\"width: 23.7774%; height: 22px;\"><strong>Kristjan Keert<\/strong><\/td>\n<td style=\"width: 58.0456%; height: 22px;\">2024.a ORC Euroopa Meistriv\u00f5istlustel Mariehamnis jahtlaevaga Olympic EST 463 saavutatud esikoha eest B grupis ja <em>Corinthian<\/em> arvestuses<\/td>\n<td style=\"width: 47.6044%; height: 22px;\">29.10.2024<\/td>\n<\/tr>\n<tr style=\"height: 22px;\">\n<td style=\"width: 4.09277%; height: 22px;\"><strong>19<\/strong><\/td>\n<td style=\"width: 23.7774%; height: 22px;\"><strong>Ado Tikerp\u00e4e<\/strong><\/td>\n<td style=\"width: 58.0456%; height: 22px;\">elut\u00f6\u00f6 eest Kalevi Jahtklubi sadamakaptenina<\/td>\n<td style=\"width: 47.6044%; height: 22px;\">29.10.2024<\/td>\n<\/tr>\n<\/tbody>\n<\/table>\n<table style=\"width: 86.9639%;\">\n<tbody>\n<tr style=\"height: 68px;\">\n<td style=\"width: 3.98553%; height: 68px;\"><strong>20<\/strong><\/td>\n<td style=\"width: 23.9572%; height: 68px;\"><strong>Tanel Tamm<\/strong><\/td>\n<td style=\"width: 57.6119%; height: 68px;\">43. Copa del Rey MAPFRE regatil 2025.aasta ORC Euroopa meistriv\u00f5istlustel jahtlaevaga Technonicol EST 615 saavutatud esikoha eest B grupis<\/td>\n<td style=\"width: 34.9295%; height: 68px;\">17.09.2025<\/td>\n<\/tr>\n<tr style=\"height: 68px;\">\n<td style=\"width: 3.98553%; height: 68px;\"><strong>21<\/strong><\/td>\n<td style=\"width: 23.9572%; height: 68px;\"><strong>Henri Tauts<\/strong><\/td>\n<td style=\"width: 57.6119%; height: 68px;\">43. Copa del Rey MAPFRE regatil 2025.aasta ORC Euroopa meistriv\u00f5istlustel jahtlaevaga Technonicol EST 615 saavutatud esikoha eest B grupis<\/td>\n<td style=\"width: 34.9295%; height: 68px;\">17.09.2025<\/td>\n<\/tr>\n<tr style=\"height: 68px;\">\n<td style=\"width: 3.98553%; height: 68px;\"><strong>22<\/strong><\/td>\n<td style=\"width: 23.9572%; height: 68px;\"><strong>Jaan Akermann<\/strong><\/td>\n<td style=\"width: 57.6119%; height: 68px; text-align: left;\">43. Copa del Rey MAPFRE regatil 2025.aasta ORC Euroopa meistriv\u00f5istlustel jahtlaevaga Technonicol EST 615 saavutatud esikoha eest B grupis<\/td>\n<td style=\"width: 34.9295%; height: 68px;\">17.09.2025<\/td>\n<\/tr>\n<tr style=\"height: 22px;\">\n<td style=\"width: 3.98553%; height: 22px;\"><strong>23<\/strong><\/td>\n<td style=\"width: 23.9572%; height: 22px;\"><strong>Martin-Gustav Lepp<\/strong><\/td>\n<td style=\"width: 57.6119%; height: 22px;\">43. Copa del Rey MAPFRE regatil 2025.aasta ORC Euroopa meistriv\u00f5istlustel jahtlaevaga Technonicol EST 615 saavutatud esikoha eest B grupis<\/td>\n<td style=\"width: 34.9295%; height: 22px;\">17.09.2025<\/td>\n<\/tr>\n<tr style=\"height: 22px;\">\n<td style=\"width: 3.98553%; height: 22px;\"><strong>24<\/strong><\/td>\n<td style=\"width: 23.9572%; height: 22px;\"><strong>Freddy Maalt<\/strong><\/td>\n<td style=\"width: 57.6119%; height: 22px;\">43. Copa del Rey MAPFRE regatil 2025.aasta ORC Euroopa meistriv\u00f5istlustel jahtlaevaga Technonicol EST 615 saavutatud esikoha eest B grupis<\/td>\n<td style=\"width: 34.9295%; height: 22px;\">17.09.2025<\/td>\n<\/tr>\n<tr style=\"height: 22px;\">\n<td style=\"width: 3.98553%; height: 22px;\"><strong>25<\/strong><\/td>\n<td style=\"width: 23.9572%; height: 22px;\"><strong>Raiot Pikmets<\/strong><\/td>\n<td style=\"width: 57.6119%; height: 22px;\">43. Copa del Rey MAPFRE regatil 2025.aasta ORC Euroopa meistriv\u00f5istlustel jahtlaevaga Technonicol EST 615 saavutatud esikoha eest B grupis<\/td>\n<td style=\"width: 34.9295%; height: 22px;\">17.09.2025<\/td>\n<\/tr>\n<\/tbody>\n<\/table>\n<table style=\"width: 86.8781%;\">\n<tbody>\n<tr style=\"height: 22px;\">\n<td style=\"width: 3.98553%; height: 22px;\"><strong>24<\/strong><\/td>\n<td style=\"width: 23.9572%; height: 22px;\"><strong>Riho Koost<\/strong><\/td>\n<td style=\"width: 57.6119%; height: 22px;\">43. Copa del Rey MAPFRE regatil 2025.aasta ORC Euroopa meistriv\u00f5istlustel jahtlaevaga Technonicol EST 615 saavutatud esikoha eest B grupis<\/td>\n<td style=\"width: 21.8077%; height: 22px;\">17.09.2025<\/td>\n<\/tr>\n<tr style=\"height: 22px;\">\n<td style=\"width: 3.98553%; height: 22px;\"><strong>25<\/strong><\/td>\n<td style=\"width: 23.9572%; height: 22px;\"><strong>Marina Kumanina<\/strong><\/td>\n<td style=\"width: 57.6119%; height: 22px;\">43. Copa del Rey MAPFRE regatil 2025.aasta ORC Euroopa meistriv\u00f5istlustel jahtlaevaga Technonicol EST 615 saavutatud esikoha eest B grupis<\/td>\n<td style=\"width: 21.8077%; height: 22px;\">17.09.2025<\/td>\n<\/tr>\n<\/tbody>\n<\/table>\n","protected":false},"excerpt":{"rendered":"<p>Kalevi Jahtklubi KULDM\u00c4RK on asutatud 2014. aastal. Kuldm\u00e4rk on KJK k\u00f5rgeim aum\u00e4rk klubile osutatud teenete eest ja k\u00f5rgete sportlike tulemuste eest purjetamises. Kuldm\u00e4rk on Kalevi Jahtklubi m\u00e4rk, mis on valmistatud 2 grammist kullast. M\u00e4rgid on nummerdatud. KULDM\u00c4RGI STATUUT Kalevi Jahtklubi Kuldm\u00e4rgi kavalerid: Nr Nimi Mille eest Kuup\u00e4ev 1 Jaak J\u00f5gi 2014. a ORCi klassi maailmameistriv\u00f5istlustel Kielis jahtlaevaga Forte EST-475 saavutatud<a class=\"more-link\" href=\"https:\/\/kjk.ee\/en\/kuldmargi-kavalerid\/\">[Read More&#8230;]<\/a><\/p>\n","protected":false},"author":6,"featured_media":0,"parent":0,"menu_order":0,"comment_status":"closed","ping_status":"closed","template":"","meta":{"spay_email":""},"jetpack_sharing_enabled":true,"jetpack_shortlink":"https:\/\/wp.me\/PaW3M4-Tj","_links":{"self":[{"href":"https:\/\/kjk.ee\/en\/wp-json\/wp\/v2\/pages\/3429"}],"collection":[{"href":"https:\/\/kjk.ee\/en\/wp-json\/wp\/v2\/pages"}],"about":[{"href":"https:\/\/kjk.ee\/en\/wp-json\/wp\/v2\/types\/page"}],"author":[{"embeddable":true,"href":"https:\/\/kjk.ee\/en\/wp-json\/wp\/v2\/users\/6"}],"replies":[{"embeddable":true,"href":"https:\/\/kjk.ee\/en\/wp-json\/wp\/v2\/comments?post=3429"}],"version-history":[{"count":21,"href":"https:\/\/kjk.ee\/en\/wp-json\/wp\/v2\/pages\/3429\/revisions"}],"predecessor-version":[{"id":31201,"href":"https:\/\/kjk.ee\/en\/wp-json\/wp\/v2\/pages\/3429\/revisions\/31201"}],"wp:attachment":[{"href":"https:\/\/kjk.ee\/en\/wp-json\/wp\/v2\/media?parent=3429"}],"curies":[{"name":"wp","href":"https:\/\/api.w.org\/{rel}","templated":true}]}}