{"id":472,"date":"2014-08-18T12:33:20","date_gmt":"2014-08-18T12:33:20","guid":{"rendered":"http:\/\/www.kjk.ee\/?page_id=472"},"modified":"2016-10-12T10:35:13","modified_gmt":"2016-10-12T10:35:13","slug":"seiko-cup","status":"publish","type":"page","link":"https:\/\/kjk.ee\/en\/seiko-cup\/","title":{"rendered":"lipu"},"content":{"rendered":"<p><img loading=\"lazy\" class=\"aligncenter size-medium wp-image-474\" src=\"http:\/\/www.kjk.ee\/wp-content\/uploads\/2014\/08\/SEIKO-CUP-page-300x92.jpg\" alt=\"SEIKO CUP page\" width=\"300\" height=\"92\" srcset=\"https:\/\/kjk.ee\/wp-content\/uploads\/2014\/08\/SEIKO-CUP-page-300x92.jpg 300w, https:\/\/kjk.ee\/wp-content\/uploads\/2014\/08\/SEIKO-CUP-page-1024x316.jpg 1024w, https:\/\/kjk.ee\/wp-content\/uploads\/2014\/08\/SEIKO-CUP-page-177x55.jpg 177w, https:\/\/kjk.ee\/wp-content\/uploads\/2014\/08\/SEIKO-CUP-page.jpg 1813w\" sizes=\"(max-width: 300px) 100vw, 300px\" \/><\/p>\n<p><strong>KJK Avamerepurjetamise karikav\u00f5istluse SEIKO CUP 2014 etapid:<\/strong><br \/>\nI &#8211; 1. mai &#8211; Avav\u00f5istlus<br \/>\nII &#8211; 24. mai &#8211; E4 Karikav\u00f5istlus<br \/>\nIII &#8211; 7. juuni &#8211; Terra Feminarum<br \/>\nIV &#8211; 13.-14. juuni &#8211; Merikotka Regatt<br \/>\nV &#8211; 6.-7. september &#8211; Tallinna Meistriv\u00f5istlused<br \/>\nVI &#8211; 11. oktoober &#8211; L\u00f5puv\u00f5istlus<\/p>\n<p><strong>KJK Avamerepurjetamise karikav\u00f5istluse SEIKO CUP v\u00f5istlusklassid:<\/strong><br \/>\nORC I \u2013 GPH \u2264 635,0<br \/>\nORC II \u2013 GPH on 635,1 \u2013 699,9<br \/>\nORC III \u2013 GPH on 700 \u2013 780,0<br \/>\nESTLYS \u2264 1,08<\/p>\n<p><a href=\"http:\/\/www.kjk.ee\/wp-content\/uploads\/2014\/08\/doc13998850671.pdf\" target=\"_blank\">KJK Avamerepurjetamise karikav\u00f5istluse SEIKO CUP 2014 korraldamise juhend<\/a><\/p>\n<p><strong style=\"color: #000000;\"><a style=\"color: #003bb2;\" href=\"http:\/\/www.kjk.ee\/upload\/events\/doc14133602324.pdf\">SEIKO CUP 2014 KOONDTULEMUSED<\/a>\u00a0&#8211; l\u00f5plikud<\/strong><\/p>\n<p><span style=\"text-decoration: underline;\"><strong>I etapp &#8211; 1. mai &#8211; Avav\u00f5istlus<\/strong><\/span><br \/>\n<a href=\"http:\/\/www.kjk.ee\/wp-content\/uploads\/2014\/08\/doc13982514050.pdf\" target=\"_blank\">V\u00f5istlusteade<\/a><br \/>\nTulemused &#8211; ORC ;<a href=\"http:\/\/www.kjk.ee\/wp-content\/uploads\/2014\/08\/doc13989489053.htm\" target=\"_blank\"> LYS<\/a><br \/>\n<a href=\"https:\/\/www.facebook.com\/photo.php?fbid=844688548881188&#038;set=pcb.844689032214473&#038;type=1&#038;theater\" target=\"_blank\">Pildigalerii<\/a><\/p>\n<p><span style=\"text-decoration: underline;\"><strong>II etapp &#8211; 24. mai &#8211; E-4 Karikav\u00f5istlus<\/strong><\/span><br \/>\n<a href=\"http:\/\/www.kjk.ee\/wp-content\/uploads\/2014\/08\/doc13998857290.pdf\" target=\"_blank\">V\u00f5istlusteade<\/a><br \/>\nTulemused &#8211; <a href=\"http:\/\/www.kjk.ee\/wp-content\/uploads\/2014\/08\/doc14010918912.htm\" target=\"_blank\">ORC <\/a>; <a href=\"http:\/\/www.kjk.ee\/wp-content\/uploads\/2014\/08\/doc14010177223.htm\" target=\"_blank\">LYS<\/a><br \/>\n<a href=\"http:\/\/sport.delfi.ee\/news\/purjetamine\/uudised\/fotod-kalev-jahtklubi-karikasarja-seiko-cup-2014-e4-karikavoistlus-soideti-sudasuvistes-ilmaoludes.d?id=68744857\" target=\"_blank\">Kokkuv\u00f5te<\/a> &#8211; Kalev Vapper<br \/>\n<a href=\"https:\/\/www.facebook.com\/media\/set\/?set=a.858662494150460.1073741881.113543688662348&#038;type=1\" target=\"_blank\">Pildigalerii<\/a> &#8211; Andreas Lukin<\/p>\n<p><span style=\"text-decoration: underline;\"><strong>III etapp &#8211; 7. juuni &#8211; Terra Feminarum<\/strong><\/span><br \/>\n<a href=\"http:\/\/www.kjk.ee\/wp-admin\/post.php?post=490&#038;action=edit\" target=\"_blank\">V\u00f5istlusteade<\/a><br \/>\nTulemused: <a href=\"http:\/\/www.kjk.ee\/wp-content\/uploads\/2014\/08\/doc14021511121.htm\" target=\"_blank\">ORC <\/a>; <a href=\"http:\/\/www.kjk.ee\/wp-content\/uploads\/2014\/08\/doc14021580382.htm\" target=\"_blank\">LYS <\/a>; <a href=\"http:\/\/www.kjk.ee\/wp-content\/uploads\/2014\/08\/doc14021631593.htm\" target=\"_blank\">Katamaraanid<\/a><br \/>\n<a href=\"http:\/\/sport.delfi.ee\/news\/purjetamine\/uudised\/fotod-terra-feminarumi-regatt-viis-jahid-voidu-purjetama-umber-naissaare.d?id=68839019\" target=\"_blank\">Kokkuv\u00f5te <\/a>&#8211; SPORT DELFI<br \/>\n<a href=\"https:\/\/www.facebook.com\/media\/set\/?set=a.868121829871193.1073741884.113543688662348&#038;type=1\" target=\"_blank\">Fotod: Viljar Sepp ja Piret Salmistu<\/a><\/p>\n<p><span style=\"text-decoration: underline;\"><strong>IV etapp &#8211; 13.-14. juuni &#8211; Merikotka Regatt<\/strong><\/span><br \/>\n<a href=\"http:\/\/www.kjk.ee\/wp-content\/uploads\/2014\/08\/doc14023116250.pdf\" target=\"_blank\">V\u00f5istlusteade<\/a><br \/>\nTulemused &#8211; <a href=\"http:\/\/www.kjk.ee\/wp-content\/uploads\/2014\/08\/doc14027658341.htm\" target=\"_blank\">ORC I grupp<\/a> , <a href=\"http:\/\/www.kjk.ee\/wp-content\/uploads\/2014\/08\/doc14027658582.htm\" target=\"_blank\">ORC II ja III grupp<\/a> ,<a href=\"http:\/\/www.kjk.ee\/wp-content\/uploads\/2014\/08\/doc14027690233.htm\" target=\"_blank\"> LYS grupp<\/a><br \/>\nKokkuv\u00f5te<br \/>\nPildigalerii<\/p>\n<p><span style=\"text-decoration: underline;\"><strong>V etapp &#8211; 6.-7. september &#8211; Tallinna Meistriv\u00f5istlused<\/strong><\/span><br \/>\n<a href=\"http:\/\/www.kjk.ee\/wp-content\/uploads\/2014\/08\/doc14062817580.pdf\" target=\"_blank\">V\u00f5istlusteade<\/a> &#8211; <a href=\"https:\/\/docs.google.com\/forms\/d\/1IWL68hus0hyZdeU5EoQNQ9efDJz7dmK0k_BZYxAMi8E\/viewform\" target=\"_blank\">Registreerimisvorm<br \/>\n<\/a><a style=\"color: #003bb2;\" href=\"http:\/\/www.kjk.ee\/upload\/Tallinna_MV_2014_registreerunud.pdf\">Vaata osalejate nimekirja<\/a><a href=\"https:\/\/docs.google.com\/forms\/d\/1IWL68hus0hyZdeU5EoQNQ9efDJz7dmK0k_BZYxAMi8E\/viewform\" target=\"_blank\"><br style=\"color: #000000;\" \/><\/a><a style=\"color: #003bb2;\" href=\"http:\/\/www.kjk.ee\/index.php\/312?event=396\">Tulemused<\/a><a href=\"https:\/\/docs.google.com\/forms\/d\/1IWL68hus0hyZdeU5EoQNQ9efDJz7dmK0k_BZYxAMi8E\/viewform\" target=\"_blank\"><br style=\"color: #000000;\" \/><\/a><a style=\"color: #003bb2;\" href=\"http:\/\/sport.delfi.ee\/news\/purjetamine\/uudised\/fotod-tallinna-meistrid-avamerepurjetamises-on-forte-elisa-passione-st-minni-ja-frida.d?id=69690161\">Kokkuv\u00f5te SPORT DELFI&#8217;s<\/a><a href=\"https:\/\/docs.google.com\/forms\/d\/1IWL68hus0hyZdeU5EoQNQ9efDJz7dmK0k_BZYxAMi8E\/viewform\" target=\"_blank\"><span style=\"color: #000000;\">\u00a0&#8211; Piret Salmistu<\/span><br style=\"color: #000000;\" \/><\/a><a style=\"color: #003bb2;\" href=\"https:\/\/www.facebook.com\/media\/set\/?set=a.926320077384701.1073741900.113543688662348&#038;type=3&#038;uploaded=381\">Pildigalerii<\/a><a href=\"https:\/\/docs.google.com\/forms\/d\/1IWL68hus0hyZdeU5EoQNQ9efDJz7dmK0k_BZYxAMi8E\/viewform\" target=\"_blank\"><span style=\"color: #000000;\">\u00a0&#8211; Greta Tooming<\/span><br style=\"color: #000000;\" \/><\/a><a style=\"color: #003bb2;\" href=\"https:\/\/picasaweb.google.com\/104113318858139120246\/TallinnaMVLuhirajal2014KJKKarikasariSEIKOCUPIPaev#\">Pildigalerii p\u00e4ev 1<\/a><a href=\"https:\/\/docs.google.com\/forms\/d\/1IWL68hus0hyZdeU5EoQNQ9efDJz7dmK0k_BZYxAMi8E\/viewform\" target=\"_blank\"><span style=\"color: #000000;\">\u00a0&#038;\u00a0\u00a0<\/span><\/a><a style=\"color: #003bb2;\" href=\"https:\/\/picasaweb.google.com\/104113318858139120246\/TallinnaMVLuhirajal2014KJKKarikasariSEIKOCUPIIPaev\">p\u00e4ev 2<\/a><a href=\"https:\/\/docs.google.com\/forms\/d\/1IWL68hus0hyZdeU5EoQNQ9efDJz7dmK0k_BZYxAMi8E\/viewform\" target=\"_blank\"><span style=\"color: #000000;\">\u00a0&#8211; Tommy Lyy<\/span><br style=\"color: #000000;\" \/><br style=\"color: #000000;\" \/><\/a><strong style=\"color: #000000;\"><span style=\"text-decoration: underline;\">VI etapp &#8211; 11. oktoober &#8211; L\u00f5puv\u00f5istlus<br \/>\n<\/span><\/strong><a style=\"color: #003bb2;\" href=\"http:\/\/www.kjk.ee\/upload\/events\/doc14110184170.pdf\">V\u00f5istlusteade<\/a><a href=\"https:\/\/docs.google.com\/forms\/d\/1IWL68hus0hyZdeU5EoQNQ9efDJz7dmK0k_BZYxAMi8E\/viewform\" target=\"_blank\"><br style=\"color: #000000;\" \/><\/a><a style=\"color: #003bb2;\" href=\"http:\/\/www.kjk.ee\/index.php\/312?event=405\">Tulemused<\/a><a href=\"https:\/\/docs.google.com\/forms\/d\/1IWL68hus0hyZdeU5EoQNQ9efDJz7dmK0k_BZYxAMi8E\/viewform\" target=\"_blank\"><br style=\"color: #000000;\" \/><\/a><a style=\"color: #003bb2;\" href=\"http:\/\/sport.delfi.ee\/news\/purjetamine\/uudised\/fotod-seiko-cup-karikasarja-lopuvoistlus-lopetas-ess-kalev-jahtklubi-2014a-merehooaja.d?id=69931137\">Kokkuv\u00f5te SPORT DELFI&#8217;s<\/a><a href=\"https:\/\/docs.google.com\/forms\/d\/1IWL68hus0hyZdeU5EoQNQ9efDJz7dmK0k_BZYxAMi8E\/viewform\" target=\"_blank\"><span style=\"color: #000000;\">\u00a0&#8211; Piret Salmistu<\/span><br style=\"color: #000000;\" \/><\/a><a style=\"color: #003bb2;\" href=\"https:\/\/picasaweb.google.com\/104113318858139120246\/HooajaLopuvoistlusKJKKarikasariSEIKOCUP\">Fotod merelt<\/a><a href=\"https:\/\/docs.google.com\/forms\/d\/1IWL68hus0hyZdeU5EoQNQ9efDJz7dmK0k_BZYxAMi8E\/viewform\" target=\"_blank\"><span style=\"color: #000000;\">\u00a0&#8211; Lii Soots<\/span><br style=\"color: #000000;\" \/><\/a><a style=\"color: #003bb2;\" href=\"https:\/\/www.facebook.com\/media\/set\/?set=a.945925642090811.1073741909.113543688662348&#038;type=1\">Fotod Lipuv\u00e4ljakult<\/a><a href=\"https:\/\/docs.google.com\/forms\/d\/1IWL68hus0hyZdeU5EoQNQ9efDJz7dmK0k_BZYxAMi8E\/viewform\" target=\"_blank\"><span style=\"color: #000000;\">\u00a0&#8211; Lii Soots<\/span><br \/>\n<\/a><\/p>\n","protected":false},"excerpt":{"rendered":"<p>KJK Avamerepurjetamise karikav\u00f5istluse SEIKO CUP 2014 etapid: I &#8211; 1. mai &#8211; Avav\u00f5istlus II &#8211; 24. mai &#8211; E4 Karikav\u00f5istlus III &#8211; 7. juuni &#8211; Terra Feminarum IV &#8211; 13.-14. juuni &#8211; Merikotka Regatt V &#8211; 6.-7. september &#8211; Tallinna Meistriv\u00f5istlused VI &#8211; 11. oktoober &#8211; L\u00f5puv\u00f5istlus KJK Avamerepurjetamise karikav\u00f5istluse SEIKO CUP v\u00f5istlusklassid: ORC I \u2013 GPH \u2264 635,0 ORC<a class=\"more-link\" href=\"https:\/\/kjk.ee\/en\/seiko-cup\/\">[Read More&#8230;]<\/a><\/p>\n","protected":false},"author":24,"featured_media":0,"parent":0,"menu_order":0,"comment_status":"open","ping_status":"open","template":"seiko.php","meta":{"spay_email":""},"jetpack_sharing_enabled":true,"jetpack_shortlink":"https:\/\/wp.me\/PaW3M4-7C","_links":{"self":[{"href":"https:\/\/kjk.ee\/en\/wp-json\/wp\/v2\/pages\/472"}],"collection":[{"href":"https:\/\/kjk.ee\/en\/wp-json\/wp\/v2\/pages"}],"about":[{"href":"https:\/\/kjk.ee\/en\/wp-json\/wp\/v2\/types\/page"}],"author":[{"embeddable":true,"href":"https:\/\/kjk.ee\/en\/wp-json\/wp\/v2\/users\/24"}],"replies":[{"embeddable":true,"href":"https:\/\/kjk.ee\/en\/wp-json\/wp\/v2\/comments?post=472"}],"version-history":[{"count":16,"href":"https:\/\/kjk.ee\/en\/wp-json\/wp\/v2\/pages\/472\/revisions"}],"predecessor-version":[{"id":5067,"href":"https:\/\/kjk.ee\/en\/wp-json\/wp\/v2\/pages\/472\/revisions\/5067"}],"wp:attachment":[{"href":"https:\/\/kjk.ee\/en\/wp-json\/wp\/v2\/media?parent=472"}],"curies":[{"name":"wp","href":"https:\/\/api.w.org\/{rel}","templated":true}]}}